{"id":417,"date":"2022-10-24T07:59:56","date_gmt":"2022-10-24T07:59:56","guid":{"rendered":"https:\/\/musikzug-kleinfoerste.de\/?page_id=417"},"modified":"2026-01-28T18:38:56","modified_gmt":"2026-01-28T18:38:56","slug":"veranstaltungen","status":"publish","type":"page","link":"https:\/\/musikzug-kleinfoerste.de\/?page_id=417","title":{"rendered":"Veranstaltungen"},"content":{"rendered":"\t\t<div data-elementor-type=\"wp-page\" data-elementor-id=\"417\" class=\"elementor elementor-417\">\n\t\t\t\t\t\t\t\t\t<section class=\"elementor-section elementor-top-section elementor-element elementor-element-55f9c8d elementor-section-boxed elementor-section-height-default elementor-section-height-default\" data-id=\"55f9c8d\" data-element_type=\"section\">\n\t\t\t\t\t\t<div class=\"elementor-container elementor-column-gap-default\">\n\t\t\t\t\t<div class=\"elementor-column elementor-col-100 elementor-top-column elementor-element elementor-element-d675bc0\" data-id=\"d675bc0\" data-element_type=\"column\">\n\t\t\t<div class=\"elementor-widget-wrap elementor-element-populated\">\n\t\t\t\t\t\t\t\t<div class=\"elementor-element elementor-element-d0cfda2 elementor-widget elementor-widget-heading\" data-id=\"d0cfda2\" data-element_type=\"widget\" data-widget_type=\"heading.default\">\n\t\t\t\t<div class=\"elementor-widget-container\">\n\t\t\t<style>\/*! elementor - v3.11.0 - 13-02-2023 *\/\n.elementor-heading-title{padding:0;margin:0;line-height:1}.elementor-widget-heading .elementor-heading-title[class*=elementor-size-]>a{color:inherit;font-size:inherit;line-height:inherit}.elementor-widget-heading .elementor-heading-title.elementor-size-small{font-size:15px}.elementor-widget-heading .elementor-heading-title.elementor-size-medium{font-size:19px}.elementor-widget-heading .elementor-heading-title.elementor-size-large{font-size:29px}.elementor-widget-heading .elementor-heading-title.elementor-size-xl{font-size:39px}.elementor-widget-heading .elementor-heading-title.elementor-size-xxl{font-size:59px}<\/style><h2 class=\"elementor-heading-title elementor-size-default\">Veranstaltungen<\/h2>\t\t<\/div>\n\t\t\t\t<\/div>\n\t\t\t\t\t<\/div>\n\t\t<\/div>\n\t\t\t\t\t\t\t<\/div>\n\t\t<\/section>\n\t\t\t\t<section class=\"elementor-section elementor-top-section elementor-element elementor-element-8dbf331 elementor-section-boxed elementor-section-height-default elementor-section-height-default\" data-id=\"8dbf331\" data-element_type=\"section\">\n\t\t\t\t\t\t<div class=\"elementor-container elementor-column-gap-default\">\n\t\t\t\t\t<div class=\"elementor-column elementor-col-50 elementor-top-column elementor-element elementor-element-66299ad\" data-id=\"66299ad\" data-element_type=\"column\">\n\t\t\t<div class=\"elementor-widget-wrap elementor-element-populated\">\n\t\t\t\t\t\t\t\t<div class=\"elementor-element elementor-element-c0574ab elementor-widget elementor-widget-heading\" data-id=\"c0574ab\" data-element_type=\"widget\" data-widget_type=\"heading.default\">\n\t\t\t\t<div class=\"elementor-widget-container\">\n\t\t\t<h3 class=\"elementor-heading-title elementor-size-default\">Aktuelle Termine  2026<\/h3>\t\t<\/div>\n\t\t\t\t<\/div>\n\t\t\t\t<div class=\"elementor-element elementor-element-9e3df98 elementor-widget elementor-widget-text-editor\" data-id=\"9e3df98\" data-element_type=\"widget\" data-widget_type=\"text-editor.default\">\n\t\t\t\t<div class=\"elementor-widget-container\">\n\t\t\t<style>\/*! elementor - v3.11.0 - 13-02-2023 *\/\n.elementor-widget-text-editor.elementor-drop-cap-view-stacked .elementor-drop-cap{background-color:#818a91;color:#fff}.elementor-widget-text-editor.elementor-drop-cap-view-framed .elementor-drop-cap{color:#818a91;border:3px solid;background-color:transparent}.elementor-widget-text-editor:not(.elementor-drop-cap-view-default) .elementor-drop-cap{margin-top:8px}.elementor-widget-text-editor:not(.elementor-drop-cap-view-default) .elementor-drop-cap-letter{width:1em;height:1em}.elementor-widget-text-editor .elementor-drop-cap{float:left;text-align:center;line-height:1;font-size:50px}.elementor-widget-text-editor .elementor-drop-cap-letter{display:inline-block}<\/style>\t\t\t\t<p><strong>03.01.2026<\/strong><br \/>Neujahrskonzert &#8211; DGH Ahrbergen <\/p>\t\t\t\t\t\t<\/div>\n\t\t\t\t<\/div>\n\t\t\t\t<div class=\"elementor-element elementor-element-9d484e8 elementor-widget elementor-widget-text-editor\" data-id=\"9d484e8\" data-element_type=\"widget\" data-widget_type=\"text-editor.default\">\n\t\t\t\t<div class=\"elementor-widget-container\">\n\t\t\t\t\t\t\t<p><strong>24.01.2026<br \/><\/strong>JHV Freiwillige Feuerwehr Klein F\u00f6rste<\/p>\t\t\t\t\t\t<\/div>\n\t\t\t\t<\/div>\n\t\t\t\t<div class=\"elementor-element elementor-element-555de2f elementor-widget elementor-widget-text-editor\" data-id=\"555de2f\" data-element_type=\"widget\" data-widget_type=\"text-editor.default\">\n\t\t\t\t<div class=\"elementor-widget-container\">\n\t\t\t\t\t\t\t<p><strong>07.02.2026<br \/><\/strong>JHV Kreismusikverband Hildesheim &#8211; Sch\u00fctzenhaus Gr. F\u00f6rste, Gastgeber: MZ Klein F\u00f6rste<\/p>\t\t\t\t\t\t<\/div>\n\t\t\t\t<\/div>\n\t\t\t\t<div class=\"elementor-element elementor-element-a03d8ad elementor-widget elementor-widget-text-editor\" data-id=\"a03d8ad\" data-element_type=\"widget\" data-widget_type=\"text-editor.default\">\n\t\t\t\t<div class=\"elementor-widget-container\">\n\t\t\t\t\t\t\t<p><strong>21.02.2025<br \/><\/strong>JHV Musikzug Klein F\u00f6rste<\/p>\t\t\t\t\t\t<\/div>\n\t\t\t\t<\/div>\n\t\t\t\t<div class=\"elementor-element elementor-element-8f34bd6 elementor-widget elementor-widget-text-editor\" data-id=\"8f34bd6\" data-element_type=\"widget\" data-widget_type=\"text-editor.default\">\n\t\t\t\t<div class=\"elementor-widget-container\">\n\t\t\t\t\t\t\t<p><strong>03.03.2026<br \/><\/strong>Benefizkonzert Kammerensemble HMK Hannover &#8211; St. Pankratiuskirche Gro\u00df F\u00f6rste<\/p>\t\t\t\t\t\t<\/div>\n\t\t\t\t<\/div>\n\t\t\t\t<div class=\"elementor-element elementor-element-6d8da51 elementor-widget elementor-widget-text-editor\" data-id=\"6d8da51\" data-element_type=\"widget\" data-widget_type=\"text-editor.default\">\n\t\t\t\t<div class=\"elementor-widget-container\">\n\t\t\t\t\t\t\t<p><strong>30.04 &#8211; 03.05.2026<br \/><\/strong>Besuch unserer Partnerkapelle MV Dettingen \/ Baden W\u00fcrttemberg\u00a0<strong><br \/><\/strong><\/p>\t\t\t\t\t\t<\/div>\n\t\t\t\t<\/div>\n\t\t\t\t<div class=\"elementor-element elementor-element-9c38bab elementor-widget elementor-widget-text-editor\" data-id=\"9c38bab\" data-element_type=\"widget\" data-widget_type=\"text-editor.default\">\n\t\t\t\t<div class=\"elementor-widget-container\">\n\t\t\t\t\t\t\t<p><strong>01.05.2026<br \/><\/strong>Maiwecken<\/p>\t\t\t\t\t\t<\/div>\n\t\t\t\t<\/div>\n\t\t\t\t<div class=\"elementor-element elementor-element-b992f68 elementor-widget elementor-widget-text-editor\" data-id=\"b992f68\" data-element_type=\"widget\" data-widget_type=\"text-editor.default\">\n\t\t\t\t<div class=\"elementor-widget-container\">\n\t\t\t\t\t\t\t<p><strong>06.06.2026<br \/><\/strong>Jubil\u00e4umssoiree MZ Klein F\u00f6rste &#8211; mit Kommers und Gro\u00dfem Zapfenstreich\u00a0<\/p>\t\t\t\t\t\t<\/div>\n\t\t\t\t<\/div>\n\t\t\t\t<div class=\"elementor-element elementor-element-ffda301 elementor-widget elementor-widget-text-editor\" data-id=\"ffda301\" data-element_type=\"widget\" data-widget_type=\"text-editor.default\">\n\t\t\t\t<div class=\"elementor-widget-container\">\n\t\t\t\t\t\t\t<p><strong>14.06.2026<br \/><\/strong>Umzug Sch\u00fctzenfest Sarstedt<\/p>\t\t\t\t\t\t<\/div>\n\t\t\t\t<\/div>\n\t\t\t\t<div class=\"elementor-element elementor-element-c10189f elementor-widget elementor-widget-text-editor\" data-id=\"c10189f\" data-element_type=\"widget\" data-widget_type=\"text-editor.default\">\n\t\t\t\t<div class=\"elementor-widget-container\">\n\t\t\t\t\t\t\t<p><strong>20.06.2026<br \/><\/strong>Scheiben rumbringen &#8211; Sch\u00fctzenverein Bolzum<\/p>\t\t\t\t\t\t<\/div>\n\t\t\t\t<\/div>\n\t\t\t\t<div class=\"elementor-element elementor-element-137defe elementor-widget elementor-widget-text-editor\" data-id=\"137defe\" data-element_type=\"widget\" data-widget_type=\"text-editor.default\">\n\t\t\t\t<div class=\"elementor-widget-container\">\n\t\t\t\t\t\t\t<p><strong>24.06.2026<br \/><\/strong>Prozession und Platzkonzert zum Johannesfest Klein F\u00f6rste<\/p>\t\t\t\t\t\t<\/div>\n\t\t\t\t<\/div>\n\t\t\t\t<div class=\"elementor-element elementor-element-b3d631a elementor-widget elementor-widget-text-editor\" data-id=\"b3d631a\" data-element_type=\"widget\" data-widget_type=\"text-editor.default\">\n\t\t\t\t<div class=\"elementor-widget-container\">\n\t\t\t\t\t\t\t<p><strong>05.07.2026<br \/><\/strong>Sch\u00fctzenausmarsch Hannover mit der SG Vahrenwald<\/p>\t\t\t\t\t\t<\/div>\n\t\t\t\t<\/div>\n\t\t\t\t\t<\/div>\n\t\t<\/div>\n\t\t\t\t<div class=\"elementor-column elementor-col-50 elementor-top-column elementor-element elementor-element-d292796\" data-id=\"d292796\" data-element_type=\"column\">\n\t\t\t<div class=\"elementor-widget-wrap elementor-element-populated\">\n\t\t\t\t\t\t\t\t<div class=\"elementor-element elementor-element-bcdf243 elementor-widget elementor-widget-image\" data-id=\"bcdf243\" data-element_type=\"widget\" data-widget_type=\"image.default\">\n\t\t\t\t<div class=\"elementor-widget-container\">\n\t\t\t<style>\/*! elementor - v3.11.0 - 13-02-2023 *\/\n.elementor-widget-image{text-align:center}.elementor-widget-image a{display:inline-block}.elementor-widget-image a img[src$=\".svg\"]{width:48px}.elementor-widget-image img{vertical-align:middle;display:inline-block}<\/style>\t\t\t\t\t\t\t\t\t\t\t\t<img decoding=\"async\" width=\"1024\" height=\"683\" src=\"https:\/\/musikzug-kleinfoerste.de\/wp-content\/uploads\/2026\/01\/01_Konzertfoto-Web-1024x683.jpg\" class=\"attachment-large size-large wp-image-1489\" alt=\"\" loading=\"lazy\" srcset=\"https:\/\/musikzug-kleinfoerste.de\/wp-content\/uploads\/2026\/01\/01_Konzertfoto-Web-1024x683.jpg 1024w, https:\/\/musikzug-kleinfoerste.de\/wp-content\/uploads\/2026\/01\/01_Konzertfoto-Web-300x200.jpg 300w, https:\/\/musikzug-kleinfoerste.de\/wp-content\/uploads\/2026\/01\/01_Konzertfoto-Web-768x512.jpg 768w, https:\/\/musikzug-kleinfoerste.de\/wp-content\/uploads\/2026\/01\/01_Konzertfoto-Web-1536x1024.jpg 1536w, https:\/\/musikzug-kleinfoerste.de\/wp-content\/uploads\/2026\/01\/01_Konzertfoto-Web-2048x1365.jpg 2048w\" sizes=\"(max-width: 1024px) 100vw, 1024px\" \/>\t\t\t\t\t\t\t\t\t\t\t\t\t\t\t<\/div>\n\t\t\t\t<\/div>\n\t\t\t\t<div class=\"elementor-element elementor-element-0852736 elementor-widget elementor-widget-heading\" data-id=\"0852736\" data-element_type=\"widget\" data-widget_type=\"heading.default\">\n\t\t\t\t<div class=\"elementor-widget-container\">\n\t\t\t<h2 class=\"elementor-heading-title elementor-size-small\">Unser Jubil\u00e4umskonzert im DGH Ahrbergen am 3. Januar 2026<\/h2>\t\t<\/div>\n\t\t\t\t<\/div>\n\t\t\t\t<div class=\"elementor-element elementor-element-213298f elementor-widget elementor-widget-image\" data-id=\"213298f\" data-element_type=\"widget\" data-widget_type=\"image.default\">\n\t\t\t\t<div class=\"elementor-widget-container\">\n\t\t\t\t\t\t\t\t\t\t\t\t\t\t\t<img decoding=\"async\" width=\"743\" height=\"1024\" src=\"https:\/\/musikzug-kleinfoerste.de\/wp-content\/uploads\/2026\/01\/13_Plakat-Benefizkonzert-743x1024.jpg\" class=\"attachment-large size-large wp-image-1490\" alt=\"\" loading=\"lazy\" srcset=\"https:\/\/musikzug-kleinfoerste.de\/wp-content\/uploads\/2026\/01\/13_Plakat-Benefizkonzert-743x1024.jpg 743w, https:\/\/musikzug-kleinfoerste.de\/wp-content\/uploads\/2026\/01\/13_Plakat-Benefizkonzert-218x300.jpg 218w, https:\/\/musikzug-kleinfoerste.de\/wp-content\/uploads\/2026\/01\/13_Plakat-Benefizkonzert-768x1059.jpg 768w, https:\/\/musikzug-kleinfoerste.de\/wp-content\/uploads\/2026\/01\/13_Plakat-Benefizkonzert.jpg 1080w\" sizes=\"(max-width: 743px) 100vw, 743px\" \/>\t\t\t\t\t\t\t\t\t\t\t\t\t\t\t<\/div>\n\t\t\t\t<\/div>\n\t\t\t\t\t<\/div>\n\t\t<\/div>\n\t\t\t\t\t\t\t<\/div>\n\t\t<\/section>\n\t\t\t\t<section class=\"elementor-section elementor-top-section elementor-element elementor-element-056e886 elementor-section-boxed elementor-section-height-default elementor-section-height-default\" data-id=\"056e886\" data-element_type=\"section\">\n\t\t\t\t\t\t<div class=\"elementor-container elementor-column-gap-default\">\n\t\t\t\t\t<div class=\"elementor-column elementor-col-100 elementor-top-column elementor-element elementor-element-21cd0a1\" data-id=\"21cd0a1\" data-element_type=\"column\">\n\t\t\t<div class=\"elementor-widget-wrap elementor-element-populated\">\n\t\t\t\t\t\t\t\t<div class=\"elementor-element elementor-element-c3a155c elementor-widget elementor-widget-heading\" data-id=\"c3a155c\" data-element_type=\"widget\" data-widget_type=\"heading.default\">\n\t\t\t\t<div class=\"elementor-widget-container\">\n\t\t\t<h2 class=\"elementor-heading-title elementor-size-default\">Auftrittsanfrage<\/h2>\t\t<\/div>\n\t\t\t\t<\/div>\n\t\t\t\t<div class=\"elementor-element elementor-element-6aa90a4 elementor-widget elementor-widget-text-editor\" data-id=\"6aa90a4\" data-element_type=\"widget\" data-widget_type=\"text-editor.default\">\n\t\t\t\t<div class=\"elementor-widget-container\">\n\t\t\t\t\t\t\t<p>Ihr sucht ein Orchester zur musikalischen Unterst\u00fctzung eurer Ortsfeier oder eures Jubil\u00e4ums? Oder f\u00fcr euren Festumzug oder f\u00fcr ein Geburtstagsst\u00e4ndchen? Fragt uns gerne an!<\/p>\t\t\t\t\t\t<\/div>\n\t\t\t\t<\/div>\n\t\t\t\t<div class=\"elementor-element elementor-element-f49913f elementor-widget elementor-widget-button\" data-id=\"f49913f\" data-element_type=\"widget\" data-widget_type=\"button.default\">\n\t\t\t\t<div class=\"elementor-widget-container\">\n\t\t\t\t\t<div class=\"elementor-button-wrapper\">\n\t\t\t<a href=\"https:\/\/musikzug-kleinfoerste.de\/?page_id=425\" class=\"elementor-button-link elementor-button elementor-size-sm\" role=\"button\">\n\t\t\t\t\t\t<span class=\"elementor-button-content-wrapper\">\n\t\t\t\t\t\t<span class=\"elementor-button-text\">Kontakt<\/span>\n\t\t<\/span>\n\t\t\t\t\t<\/a>\n\t\t<\/div>\n\t\t\t\t<\/div>\n\t\t\t\t<\/div>\n\t\t\t\t\t<\/div>\n\t\t<\/div>\n\t\t\t\t\t\t\t<\/div>\n\t\t<\/section>\n\t\t\t\t\t\t\t<\/div>\n\t\t","protected":false},"excerpt":{"rendered":"<p>Veranstaltungen Aktuelle Termine 2026 03.01.2026Neujahrskonzert &#8211; DGH Ahrbergen 24.01.2026JHV Freiwillige Feuerwehr Klein F\u00f6rste 07.02.2026JHV Kreismusikverband Hildesheim &#8211; Sch\u00fctzenhaus Gr. F\u00f6rste, Gastgeber: MZ Klein F\u00f6rste 21.02.2025JHV Musikzug Klein F\u00f6rste 03.03.2026Benefizkonzert Kammerensemble HMK Hannover &#8211; St. Pankratiuskirche Gro\u00df F\u00f6rste 30.04 &#8211; 03.05.2026Besuch unserer Partnerkapelle MV Dettingen \/ Baden W\u00fcrttemberg\u00a0 01.05.2026Maiwecken 06.06.2026Jubil\u00e4umssoiree MZ [&hellip;]<\/p>\n","protected":false},"author":1,"featured_media":0,"parent":0,"menu_order":0,"comment_status":"closed","ping_status":"closed","template":"elementor_header_footer","meta":[],"_links":{"self":[{"href":"https:\/\/musikzug-kleinfoerste.de\/index.php?rest_route=\/wp\/v2\/pages\/417"}],"collection":[{"href":"https:\/\/musikzug-kleinfoerste.de\/index.php?rest_route=\/wp\/v2\/pages"}],"about":[{"href":"https:\/\/musikzug-kleinfoerste.de\/index.php?rest_route=\/wp\/v2\/types\/page"}],"author":[{"embeddable":true,"href":"https:\/\/musikzug-kleinfoerste.de\/index.php?rest_route=\/wp\/v2\/users\/1"}],"replies":[{"embeddable":true,"href":"https:\/\/musikzug-kleinfoerste.de\/index.php?rest_route=%2Fwp%2Fv2%2Fcomments&post=417"}],"version-history":[{"count":140,"href":"https:\/\/musikzug-kleinfoerste.de\/index.php?rest_route=\/wp\/v2\/pages\/417\/revisions"}],"predecessor-version":[{"id":1506,"href":"https:\/\/musikzug-kleinfoerste.de\/index.php?rest_route=\/wp\/v2\/pages\/417\/revisions\/1506"}],"wp:attachment":[{"href":"https:\/\/musikzug-kleinfoerste.de\/index.php?rest_route=%2Fwp%2Fv2%2Fmedia&parent=417"}],"curies":[{"name":"wp","href":"https:\/\/api.w.org\/{rel}","templated":true}]}}